{"id":69,"type":"Standard","slug":"\/","media":[],"seo":{"title":"Logistikafirmad (transpordiettev\u00f5tted, logistika ettev\u00f5tted) Eestis","meta":[{"name":"description","content":"Logistikafirmad Raben Estonia, osutab kaubaveoteenust v\u00e4ikestele, keskmise suurusega ja suurtele ettev\u00f5tetele. Professionaalne transpordiettev\u00f5tted."},{"name":"generator","content":"TYPO3 CMS x T3Headless"},{"name":"keywords","content":"Raben Estonia, Maanteetransport Euroopas, transport Eestis, logistikateenuste, ekspedeerimisagentuuril, logistikalahendusi, rahvusvaheline transport, transport,"},{"property":"og:title","content":"Raben Estonia"},{"property":"og:description","content":"Raben transport Eestis on logistikateenuste pakkuja suures osas Euroopas. Meie ekspedeerimisagentuuril on 160 esindust 17 riigis ja see pakub logistikalahendusi."},{"property":"og:image","content":"https:\/\/eesti.raben-group.com\/fileadmin\/general\/Raben_Group_flowers.jpg"},{"property":"og:type","content":"website"},{"name":"twitter:title","content":"Logistikafirmad (transpordiettev\u00f5tted, logistika ettev\u00f5tted) Eestis"},{"name":"twitter:description","content":"Logistikafirmad Raben Estonia, osutab kaubaveoteenust v\u00e4ikestele, keskmise suurusega ja suurtele ettev\u00f5tetele. Professionaalne transpordiettev\u00f5tted."},{"name":"twitter:image","content":"https:\/\/eesti.raben-group.com\/fileadmin\/general\/Raben_Group_flowers.jpg"},{"name":"twitter:card","content":"summary_large_image"}],"link":[{"href":"https:\/\/eesti.raben-group.com\/","rel":"canonical"}],"htmlAttrs":{"lang":"et","dir":null},"bodyAttrs":{"class":"pid-69 layout-layout-0"}},"categories":"","breadcrumbs":[{"title":"Raben Estonia","link":"\/","target":"","active":1,"current":1,"spacer":0,"hasSubpages":1}],"appearance":{"layout":"layout-0","backendLayout":"homepage","icon":"","backgroundColor":"white","leadColor":"red"},"content":{"colPos0":[{"id":36463,"type":"raben_noticebar","colPos":0,"categories":"","appearance":{"layout":"default","frameClass":"default","spaceBefore":"","spaceAfter":"","color":"","secondaryColor":"","backgroundColor":""},"content":{"buttonText":"","buttonLink":"","text":"27 APRILL - 1 MAI, 2026 K\u00dcTUSE LISATASU M\u00c4\u00c4R (DAF): 22,3 %","textAlignment":"left","colorScheme":"red"}},{"id":17131,"type":"raben_slider","colPos":0,"categories":"","appearance":{"layout":"default","frameClass":"full-width","spaceBefore":"","spaceAfter":"","color":"","secondaryColor":"","backgroundColor":""},"content":{"header":"","subheader":"","headerLayout":0,"headerPosition":"","headerLink":"","headerType":"0","subheaderType":"0","showBadge":"1","badgeType":"your-partner-in-logistics","defaultCtaText":"V\u00f5ta meiega \u00fchendust","layout":"slider-homepage-search","bannerImageFocus":"center","autoplay":"0","search":true,"searchHeader":"Saadetise otsing","searchButtonText":"myRaben","searchButtonShortText":"MyRabenisse sisselogimine","searchButtonLink":{"href":"https:\/\/myraben.com","target":"_blank","class":null,"title":null,"linkText":"https:\/\/myraben.com","additionalAttributes":{"rel":"noreferrer"}},"searchButtonIcon":"","slider":[{"id":7702,"type":"rabenbase_slide_item","colPos":0,"categories":"","appearance":{"layout":"default","frameClass":"","spaceBefore":"","spaceAfter":"","color":"","secondaryColor":"","backgroundColor":""},"content":{"header":"LOGISTIKALAHENDUSED TEIE | ETTEV\u00d5TTELE","subheader":"","headerType":"h2","subheaderType":"","textLocation":"normal","media":[{"publicUrl":"https:\/\/ee-api.raben-group.com\/fileadmin\/HOME\/HOME_banner_AI.jpg","properties":{"title":null,"alternative":"Camion Raben pe drum","description":"Un cmion Raben pe drum in natura","link":null,"linkData":null,"mimeType":"image\/jpeg","type":"image","filename":"HOME_banner_AI.jpg","originalUrl":"\/fileadmin\/HOME\/HOME_banner_AI.jpg","uidLocal":89624,"fileReferenceUid":54764,"size":"612 KB","dimensions":{"width":4973,"height":960},"cropDimensions":{"width":4973,"height":960},"crop":{"desktop":{"cropArea":{"x":0.1414363563241504,"y":0,"width":0.5791272873516992,"height":1},"selectedRatio":"3:1","focusArea":null},"tablet":{"cropArea":{"x":0.3157650695197365,"y":0.10824742268041238,"width":0.30846986096052703,"height":0.7989690721649485},"selectedRatio":"2:1","focusArea":null},"mobile":{"cropArea":{"x":0.4013060278078946,"y":0.14432989690721648,"width":0.12338794438421082,"height":0.7989690721649485},"selectedRatio":"4:5","focusArea":null}},"autoplay":null,"extension":"jpg"},"cropVariants":{"desktop":{"publicUrl":"https:\/\/ee-api.raben-group.com\/fileadmin\/_processed_\/2\/c\/csm_HOME_banner_AI_cae2ba16ff.jpg","properties":{"dimensions":{"width":2880,"height":960}}},"tablet":{"publicUrl":"https:\/\/ee-api.raben-group.com\/fileadmin\/_processed_\/2\/c\/csm_HOME_banner_AI_76b731e31b.jpg","properties":{"dimensions":{"width":1534,"height":767}}},"mobile":{"publicUrl":"https:\/\/ee-api.raben-group.com\/fileadmin\/_processed_\/2\/c\/csm_HOME_banner_AI_2c45a87269.jpg","properties":{"dimensions":{"width":613,"height":767}}}}}],"icon":[],"link":{"href":"\/teenused","target":null,"class":null,"title":"V\u00f5ta meiega \u00fchendust","linkText":"Transporditeenused","additionalAttributes":[]},"description":"","actionColor":"red"}}]}},{"id":17130,"type":"raben_tiles","colPos":0,"categories":"","appearance":{"layout":"default","frameClass":"default","spaceBefore":"small","spaceAfter":"small","color":"","secondaryColor":"nevada","backgroundColor":"white"},"content":{"header":"K\u00fcsi hinda","subheader":"","headerLayout":0,"headerPosition":"","headerLink":"","headerType":"0","subheaderType":"0","layout":"with-arrow-link-inline","primaryColor":"red","tileHeight":"normal","sliderType":"","tiles":[{"id":2673,"type":"rabenbase_tiles_item","colPos":0,"categories":"","appearance":{"layout":"default","frameClass":"","spaceBefore":"","spaceAfter":"","color":"","secondaryColor":"","backgroundColor":""},"content":{"header":"\u00dchekordne hinnap\u00e4ring","subheader":"","headerType":"0","subheaderType":"","text":"","image":[],"link":{"href":"https:\/\/myraben.com\/link\/SpotOffer?l=et_EE&c=EE&tt=Road_transport","target":null,"class":null,"title":null,"linkText":"https:\/\/myraben.com\/link\/SpotOffer?l=et_EE&amp;c=EE&amp;tt=Road_transport","additionalAttributes":[]}}},{"id":2674,"type":"rabenbase_tiles_item","colPos":0,"categories":"","appearance":{"layout":"default","frameClass":"","spaceBefore":"","spaceAfter":"","color":"","secondaryColor":"","backgroundColor":""},"content":{"header":"Hinnakiri","subheader":"","headerType":"0","subheaderType":"","text":"","image":[],"link":{"href":"\/hinnapaering","target":null,"class":null,"title":null,"linkText":"Hinnap\u00e4ring","additionalAttributes":[]}}},{"id":2675,"type":"rabenbase_tiles_item","colPos":0,"categories":"","appearance":{"layout":"default","frameClass":"","spaceBefore":"","spaceAfter":"","color":"","secondaryColor":"","backgroundColor":""},"content":{"header":"Asukoha otsing","subheader":"","headerType":"0","subheaderType":"","text":"","image":[],"link":{"href":"\/kontakt","target":null,"class":null,"title":null,"linkText":"Kontakt","additionalAttributes":[]}}}]}},{"id":31193,"type":"textpic","colPos":0,"categories":"","appearance":{"layout":"default","frameClass":"default","spaceBefore":"small","spaceAfter":"","color":"","secondaryColor":"","backgroundColor":""},"content":{"header":"Oleme alati Sinu jaoks teel","subheader":"","headerLayout":0,"headerPosition":"","headerLink":"","headerType":"0","subheaderType":"0","enlargeImageOnClick":false,"bodytext":"<p><span class=\"ce-text-medium\">Rabeni sihiks on leida terviklikud ja kliendikesksed lahendused, millega on tagatud kindel kaupade vedu ning toimiv logistika. Firma fookuses on siseriiklikud ja rahvusvahelised veod. V\u00e4\u00e4rtustame nii logistika kui ka koost\u00f6\u00f6 puhul usaldusv\u00e4\u00e4rsete, j\u00e4tkusuutlike ja kauakestvate \u00fchenduste loomist. Rabeni logistikalahendused pakuvad l\u00e4bipaistvat tarneahelat, arenenud transpordiv\u00f5rgustikku ja kogemustepagasit, mille toel tulemuslikkust kindlustada \u2013 oleme tegutsenud \u00fcle 90 aasta. Raben Eesti on kohalikul turul tegutsenud 20 aastat.<\/span><\/p>\n<p><span class=\"ce-text-medium\">Meie logistikateenused pakuvad lahendusi eri valdkondadele (jaekaubandus, e-kaubandus, tehnoloogiat\u00f6\u00f6stus, autot\u00f6\u00f6stus, keemiatooted) s\u00f5ltumata nende tegevusala laiusest ja veoste mahust, sest teostame Eesti-sisest ja rahvusvahelist kaupade vedu, v\u00f5imaldades nii osa- kui t\u00e4iskoormavedu. Pakume ka lepingulist logistikat ning kiiresti riknevate kaupade logistikat (Fresh Logistics), mis v\u00f5imaldab ka kindlat temperatuuri n\u00f5udva kauba turvalist kohaletoimetamist. Raben Eesti v\u00e4\u00e4rtustab elu, tervist ja turvalisust, nagu ka leidlike lahenduste leidmist v\u00e4ljakutset pakkuvates olukordades. K\u00f5iki neid v\u00e4\u00e4rtusi rakendame ka teile parima v\u00f5imaliku logistikateenuse pakkumisel.<\/span><\/p>","gallery":{"position":{"horizontal":"center","vertical":"above","noWrap":false},"width":1920,"count":{"files":0,"columns":1,"rows":0},"columnSpacing":10,"border":{"enabled":false,"width":2,"padding":0},"rows":[],"enlargeOnClick":false}}},{"id":6983,"type":"raben_tiles","colPos":0,"categories":"","appearance":{"layout":"default","frameClass":"default","spaceBefore":"small","spaceAfter":"medium","color":"","secondaryColor":"","backgroundColor":"white"},"content":{"header":"Meie lahendus teile ","subheader":"","headerLayout":0,"headerPosition":"","headerLink":"","headerType":"0","subheaderType":"0","layout":"three-a-row-with-images","primaryColor":"red","tileHeight":"normal","sliderType":"","tiles":[{"id":546,"type":"tx_rabenbase_tiles_item","colPos":0,"categories":"","appearance":{"layout":"default","frameClass":"","spaceBefore":"","spaceAfter":"","color":"","secondaryColor":"","backgroundColor":""},"content":{"header":"Maanteev\u00f5rgustik","subheader":"","headerType":"0","subheaderType":"","text":"","image":[{"publicUrl":"https:\/\/ee-api.raben-group.com\/fileadmin\/_processed_\/b\/c\/csm_Raben_your_partner_in_logistics_1_bebea99667.jpg","properties":{"title":"Kohalik transport","alternative":"Transport","description":"Raben your partner in logistics","link":null,"linkData":null,"mimeType":"image\/jpeg","type":"image","filename":"csm_Raben_your_partner_in_logistics_1_bebea99667.jpg","originalUrl":"\/fileadmin\/PHOTOS\/Raben_your_partner_in_logistics_1.jpg","uidLocal":2060,"fileReferenceUid":8777,"size":"292 KB","dimensions":{"width":1270,"height":847},"cropDimensions":{"width":1270,"height":847},"crop":{"desktop":{"cropArea":{"x":0.000249875062468795,"y":0.10794602698650675,"width":0.9995002498750624,"height":0.7496251874062968},"selectedRatio":"2:1","focusArea":null},"tablet":{"cropArea":{"x":0.1251874062968516,"y":0.10794602698650675,"width":0.7496251874062968,"height":0.7496251874062968},"selectedRatio":"3:2","focusArea":null},"mobile":{"cropArea":{"x":0.000249875062468795,"y":0.1829085457271364,"width":0.9995002498750624,"height":0.5997001499250375},"selectedRatio":"5:2","focusArea":null}},"autoplay":null,"extension":null},"cropVariants":{"desktop":{"publicUrl":"https:\/\/ee-api.raben-group.com\/fileadmin\/_processed_\/b\/c\/csm_Raben_your_partner_in_logistics_1_9b6b681f74.jpg","properties":{"dimensions":{"width":1270,"height":635}}},"tablet":{"publicUrl":"https:\/\/ee-api.raben-group.com\/fileadmin\/_processed_\/b\/c\/csm_Raben_your_partner_in_logistics_1_29ad8eca41.jpg","properties":{"dimensions":{"width":1270,"height":847}}},"mobile":{"publicUrl":"https:\/\/ee-api.raben-group.com\/fileadmin\/_processed_\/b\/c\/csm_Raben_your_partner_in_logistics_1_58d7ff6df4.jpg","properties":{"dimensions":{"width":1270,"height":508}}}}}],"link":{"href":"\/teenused\/maanteevorgustik","target":null,"class":null,"title":null,"linkText":"Kaubavedu","additionalAttributes":[]}}},{"id":545,"type":"tx_rabenbase_tiles_item","colPos":0,"categories":"","appearance":{"layout":"default","frameClass":"","spaceBefore":"","spaceAfter":"","color":"","secondaryColor":"","backgroundColor":""},"content":{"header":"Lepinguline logistika","subheader":"","headerType":"0","subheaderType":"","text":"","image":[{"publicUrl":"https:\/\/ee-api.raben-group.com\/fileadmin\/_processed_\/6\/c\/csm_Raben_warehouse_forklift_1-min_d5a1e9e39c.jpg","properties":{"title":"Laoteenus","alternative":"Ladustamine","description":"motostivuitor in depozitul Raben","link":null,"linkData":null,"mimeType":"image\/jpeg","type":"image","filename":"csm_Raben_warehouse_forklift_1-min_d5a1e9e39c.jpg","originalUrl":"\/fileadmin\/PHOTOS\/Raben_warehouse_forklift_1-min.jpg","uidLocal":2019,"fileReferenceUid":8776,"size":"230 KB","dimensions":{"width":1270,"height":848},"cropDimensions":{"width":1270,"height":848},"crop":{"desktop":{"cropArea":{"x":0,"y":0.07065962431628223,"width":1,"height":0.7492354740061162},"selectedRatio":"2:1","focusArea":null},"tablet":{"cropArea":{"x":0.125,"y":0.07065962431628223,"width":0.75,"height":0.7492354740061162},"selectedRatio":"3:2","focusArea":null},"mobile":{"cropArea":{"x":0,"y":0.14558317171689386,"width":1,"height":0.599388379204893},"selectedRatio":"5:2","focusArea":null}},"autoplay":null,"extension":null},"cropVariants":{"desktop":{"publicUrl":"https:\/\/ee-api.raben-group.com\/fileadmin\/_processed_\/6\/c\/csm_Raben_warehouse_forklift_1-min_c7d4f8fca7.jpg","properties":{"dimensions":{"width":1270,"height":635}}},"tablet":{"publicUrl":"https:\/\/ee-api.raben-group.com\/fileadmin\/_processed_\/6\/c\/csm_Raben_warehouse_forklift_1-min_18bdca07ee.jpg","properties":{"dimensions":{"width":1270,"height":847}}},"mobile":{"publicUrl":"https:\/\/ee-api.raben-group.com\/fileadmin\/_processed_\/6\/c\/csm_Raben_warehouse_forklift_1-min_52873f581d.jpg","properties":{"dimensions":{"width":1270,"height":508}}}}}],"link":{"href":"\/teenused\/lepinguline-logistika","target":null,"class":null,"title":null,"linkText":"Lepinguline logistika","additionalAttributes":[]}}},{"id":547,"type":"tx_rabenbase_tiles_item","colPos":0,"categories":"","appearance":{"layout":"default","frameClass":"","spaceBefore":"","spaceAfter":"","color":"","secondaryColor":"","backgroundColor":""},"content":{"header":"Fresh logistics teenus","subheader":"","headerType":"0","subheaderType":"","text":"","image":[{"publicUrl":"https:\/\/ee-api.raben-group.com\/fileadmin\/_processed_\/d\/3\/csm_Fresh__truck_536a0a4efb.jpg","properties":{"title":"Temperatuurivedu","alternative":"Maanteetransport","description":"Raben truck on the way to customers.","link":null,"linkData":null,"mimeType":"image\/jpeg","type":"image","filename":"csm_Fresh__truck_536a0a4efb.jpg","originalUrl":"\/fileadmin\/PHOTOS\/Fresh__truck.jpg","uidLocal":4686,"fileReferenceUid":20805,"size":"297 KB","dimensions":{"width":1270,"height":847},"cropDimensions":{"width":1270,"height":847},"crop":{"desktop":{"cropArea":{"x":0.0002498750624688033,"y":0.20239880059970014,"width":0.9995002498750624,"height":0.7496251874062968},"selectedRatio":"2:1","focusArea":null},"tablet":{"cropArea":{"x":0.1251874062968516,"y":0.20239880059970014,"width":0.7496251874062968,"height":0.7496251874062968},"selectedRatio":"3:2","focusArea":null},"mobile":{"cropArea":{"x":0.0002498750624688033,"y":0.2773613193403298,"width":0.9995002498750624,"height":0.5997001499250375},"selectedRatio":"5:2","focusArea":null}},"autoplay":null,"extension":null},"cropVariants":{"desktop":{"publicUrl":"https:\/\/ee-api.raben-group.com\/fileadmin\/_processed_\/d\/3\/csm_Fresh__truck_33655aca5a.jpg","properties":{"dimensions":{"width":1270,"height":635}}},"tablet":{"publicUrl":"https:\/\/ee-api.raben-group.com\/fileadmin\/_processed_\/d\/3\/csm_Fresh__truck_c49eefbde9.jpg","properties":{"dimensions":{"width":1270,"height":847}}},"mobile":{"publicUrl":"https:\/\/ee-api.raben-group.com\/fileadmin\/_processed_\/d\/3\/csm_Fresh__truck_821e805332.jpg","properties":{"dimensions":{"width":1270,"height":508}}}}}],"link":{"href":"\/teenused\/fresh-logistics-teenus","target":null,"class":null,"title":null,"linkText":"Kiiresti riknevate kaupade logistika","additionalAttributes":[]}}},{"id":548,"type":"tx_rabenbase_tiles_item","colPos":0,"categories":"","appearance":{"layout":"default","frameClass":"","spaceBefore":"","spaceAfter":"","color":"","secondaryColor":"","backgroundColor":""},"content":{"header":"FTL Transport (t\u00e4is- ja osakoormaveod)","subheader":"","headerType":"0","subheaderType":"","text":"","image":[{"publicUrl":"https:\/\/ee-api.raben-group.com\/fileadmin\/_processed_\/f\/f\/csm_Raben_container_old_branding_1-min_c79dcb83e4.jpg","properties":{"title":"FTL Transport","alternative":"T\u00e4is osakoormaveod","description":"Raben trailer awaiting unloading. International transport","link":null,"linkData":null,"mimeType":"image\/jpeg","type":"image","filename":"csm_Raben_container_old_branding_1-min_c79dcb83e4.jpg","originalUrl":"\/fileadmin\/PHOTOS\/Raben_container_old_branding_1-min.jpg","uidLocal":2096,"fileReferenceUid":8779,"size":"188 KB","dimensions":{"width":1270,"height":847},"cropDimensions":{"width":1270,"height":847},"crop":{"desktop":{"cropArea":{"x":0.000249875062468795,"y":0.22938530734632684,"width":0.9995002498750624,"height":0.7496251874062968},"selectedRatio":"2:1","focusArea":null},"tablet":{"cropArea":{"x":0.1251874062968516,"y":0.22938530734632684,"width":0.7496251874062968,"height":0.7496251874062968},"selectedRatio":"3:2","focusArea":null},"mobile":{"cropArea":{"x":0.000249875062468795,"y":0.3043478260869565,"width":0.9995002498750624,"height":0.5997001499250375},"selectedRatio":"5:2","focusArea":null}},"autoplay":null,"extension":null},"cropVariants":{"desktop":{"publicUrl":"https:\/\/ee-api.raben-group.com\/fileadmin\/_processed_\/f\/f\/csm_Raben_container_old_branding_1-min_d6f4c73262.jpg","properties":{"dimensions":{"width":1270,"height":635}}},"tablet":{"publicUrl":"https:\/\/ee-api.raben-group.com\/fileadmin\/_processed_\/f\/f\/csm_Raben_container_old_branding_1-min_ae0bcbe2ac.jpg","properties":{"dimensions":{"width":1270,"height":847}}},"mobile":{"publicUrl":"https:\/\/ee-api.raben-group.com\/fileadmin\/_processed_\/f\/f\/csm_Raben_container_old_branding_1-min_a2a0c189fb.jpg","properties":{"dimensions":{"width":1270,"height":508}}}}}],"link":{"href":"\/teenused\/ftl-transport-taeis-jaosakoormaveod","target":null,"class":null,"title":null,"linkText":"FTL transport ehk|t\u00e4iskoormatega kaubavedu","additionalAttributes":[]}}}]}},{"id":6982,"type":"raben_slider","colPos":0,"categories":"","appearance":{"layout":"default","frameClass":"default","spaceBefore":"medium","spaceAfter":"medium","color":"","secondaryColor":"","backgroundColor":""},"content":{"header":"Teenindatavad sektorid","subheader":"Avasta meie lahendused teie t\u00f6\u00f6stussektorile ","headerLayout":0,"headerPosition":"","headerLink":"","headerType":"0","subheaderType":"0","showBadge":"1","badgeType":"your-partner-in-logistics","defaultCtaText":"","layout":"slider-with-grids","bannerImageFocus":"center","autoplay":"1","search":false,"searchHeader":"","searchButtonText":"","searchButtonShortText":"","searchButtonLink":"","searchButtonIcon":"","slider":[{"id":866,"type":"rabenbase_slide_item","colPos":0,"categories":"","appearance":{"layout":"default","frameClass":"","spaceBefore":"","spaceAfter":"","color":"","secondaryColor":"","backgroundColor":""},"content":{"header":"Kiiresti liikuvad toidukaubad","subheader":"","headerType":"0","subheaderType":"","textLocation":"bottom","media":[{"publicUrl":"https:\/\/ee-api.raben-group.com\/fileadmin\/user_upload\/raben_logistics.jpg","properties":{"title":null,"alternative":null,"description":null,"link":null,"linkData":null,"mimeType":"image\/jpeg","type":"image","filename":"raben_logistics.jpg","originalUrl":"\/fileadmin\/user_upload\/raben_logistics.jpg","uidLocal":10,"fileReferenceUid":8766,"size":"117 KB","dimensions":{"width":721,"height":359},"cropDimensions":{"width":721,"height":359},"crop":"","autoplay":null,"extension":"jpg"}}],"icon":[{"publicUrl":"https:\/\/ee-api.raben-group.com\/fileadmin\/ICONS_-_INDUSTRIES\/FMCG_food_icon.png","properties":{"title":"Kiiresti liikuvad toidukaubad","alternative":"FMCG food icon","description":"Kiiresti liikuvad toidukaubad","link":null,"linkData":null,"mimeType":"image\/png","type":"image","filename":"FMCG_food_icon.png","originalUrl":"\/fileadmin\/ICONS_-_INDUSTRIES\/FMCG_food_icon.png","uidLocal":1927,"fileReferenceUid":8767,"size":"28 KB","dimensions":{"width":1068,"height":1067},"cropDimensions":{"width":1068,"height":1067},"crop":"","autoplay":null,"extension":"png"}}],"link":{"href":"\/teenindatavad-sektorid\/kiiresti-liikuvad-toidukaubad","target":null,"class":null,"title":null,"linkText":"Kiiresti liikuvad toidukaubad","additionalAttributes":[]},"description":"","actionColor":"red"}},{"id":867,"type":"rabenbase_slide_item","colPos":0,"categories":"","appearance":{"layout":"default","frameClass":"","spaceBefore":"","spaceAfter":"","color":"","secondaryColor":"","backgroundColor":""},"content":{"header":"Kiiresti liikuvad t\u00f6\u00f6stuskaubad","subheader":"","headerType":"0","subheaderType":"","textLocation":"bottom","media":[{"publicUrl":"https:\/\/ee-api.raben-group.com\/fileadmin\/user_upload\/fresh_logistics.jpg","properties":{"title":null,"alternative":null,"description":null,"link":null,"linkData":null,"mimeType":"image\/jpeg","type":"image","filename":"fresh_logistics.jpg","originalUrl":"\/fileadmin\/user_upload\/fresh_logistics.jpg","uidLocal":9,"fileReferenceUid":8768,"size":"68 KB","dimensions":{"width":721,"height":359},"cropDimensions":{"width":721,"height":359},"crop":"","autoplay":null,"extension":"jpg"}}],"icon":[{"publicUrl":"https:\/\/ee-api.raben-group.com\/fileadmin\/ICONS_-_INDUSTRIES\/FMCG_non_food_icon.png","properties":{"title":"Kiiresti liikuvad t\u00f6\u00f6stuskaubad","alternative":"FMCG non food icon","description":"Kiiresti liikuvad t\u00f6\u00f6stuskaubad","link":null,"linkData":null,"mimeType":"image\/png","type":"image","filename":"FMCG_non_food_icon.png","originalUrl":"\/fileadmin\/ICONS_-_INDUSTRIES\/FMCG_non_food_icon.png","uidLocal":1928,"fileReferenceUid":8769,"size":"31 KB","dimensions":{"width":1068,"height":1067},"cropDimensions":{"width":1068,"height":1067},"crop":"","autoplay":null,"extension":"png"}}],"link":{"href":"\/teenindatavad-sektorid\/kiiresti-liikuvad-toostuskaubad","target":null,"class":null,"title":null,"linkText":"Kiiresti liikuvad t\u00f6\u00f6stuskaubad","additionalAttributes":[]},"description":"","actionColor":"red"}},{"id":868,"type":"rabenbase_slide_item","colPos":0,"categories":"","appearance":{"layout":"default","frameClass":"","spaceBefore":"","spaceAfter":"","color":"","secondaryColor":"","backgroundColor":""},"content":{"header":"Autot\u00f6\u00f6stus","subheader":"","headerType":"0","subheaderType":"","textLocation":"bottom","media":[{"publicUrl":"https:\/\/ee-api.raben-group.com\/fileadmin\/user_upload\/test_raben.jpg","properties":{"title":null,"alternative":null,"description":null,"link":null,"linkData":null,"mimeType":"image\/jpeg","type":"image","filename":"test_raben.jpg","originalUrl":"\/fileadmin\/user_upload\/test_raben.jpg","uidLocal":1,"fileReferenceUid":8770,"size":"54 KB","dimensions":{"width":721,"height":359},"cropDimensions":{"width":721,"height":359},"crop":"","autoplay":null,"extension":"jpg"}}],"icon":[{"publicUrl":"https:\/\/ee-api.raben-group.com\/fileadmin\/ICONS_-_INDUSTRIES\/automotive_icon.png","properties":{"title":"Autot\u00f6\u00f6stus","alternative":"Automotive icon","description":"Autot\u00f6\u00f6stus","link":null,"linkData":null,"mimeType":"image\/png","type":"image","filename":"automotive_icon.png","originalUrl":"\/fileadmin\/ICONS_-_INDUSTRIES\/automotive_icon.png","uidLocal":1926,"fileReferenceUid":8771,"size":"24 KB","dimensions":{"width":1068,"height":1067},"cropDimensions":{"width":1068,"height":1067},"crop":"","autoplay":null,"extension":"png"}}],"link":{"href":"\/teenindatavad-sektorid\/autotoeoestus","target":null,"class":null,"title":null,"linkText":"Autot\u00f6\u00f6stus","additionalAttributes":[]},"description":"","actionColor":"red"}},{"id":869,"type":"rabenbase_slide_item","colPos":0,"categories":"","appearance":{"layout":"default","frameClass":"","spaceBefore":"","spaceAfter":"","color":"","secondaryColor":"","backgroundColor":""},"content":{"header":"Keemiatooted","subheader":"","headerType":"0","subheaderType":"","textLocation":"bottom","media":[],"icon":[{"publicUrl":"https:\/\/ee-api.raben-group.com\/fileadmin\/ICONS_-_INDUSTRIES\/chemistry_icon.png","properties":{"title":"Keemiatooted","alternative":"Chemistry icon","description":"Keemiatooted","link":null,"linkData":null,"mimeType":"image\/png","type":"image","filename":"chemistry_icon.png","originalUrl":"\/fileadmin\/ICONS_-_INDUSTRIES\/chemistry_icon.png","uidLocal":1925,"fileReferenceUid":8772,"size":"31 KB","dimensions":{"width":1068,"height":1067},"cropDimensions":{"width":1068,"height":1067},"crop":"","autoplay":null,"extension":"png"}}],"link":{"href":"\/teenindatavad-sektorid\/keemiatooted","target":null,"class":null,"title":null,"linkText":"Keemiatooted","additionalAttributes":[]},"description":"","actionColor":"red"}},{"id":870,"type":"rabenbase_slide_item","colPos":0,"categories":"","appearance":{"layout":"default","frameClass":"","spaceBefore":"","spaceAfter":"","color":"","secondaryColor":"","backgroundColor":""},"content":{"header":"Jaekaubandus","subheader":"","headerType":"0","subheaderType":"","textLocation":"bottom","media":[],"icon":[{"publicUrl":"https:\/\/ee-api.raben-group.com\/fileadmin\/ICONS_-_INDUSTRIES\/retail_icon.png","properties":{"title":"Jaekaubandus","alternative":"Retail icon","description":"Jaekaubandus","link":null,"linkData":null,"mimeType":"image\/png","type":"image","filename":"retail_icon.png","originalUrl":"\/fileadmin\/ICONS_-_INDUSTRIES\/retail_icon.png","uidLocal":1931,"fileReferenceUid":8773,"size":"22 KB","dimensions":{"width":1068,"height":1067},"cropDimensions":{"width":1068,"height":1067},"crop":"","autoplay":null,"extension":"png"}}],"link":{"href":"\/teenindatavad-sektorid\/jaekaubandus","target":null,"class":null,"title":null,"linkText":"Jaekaubandus","additionalAttributes":[]},"description":"","actionColor":"red"}},{"id":871,"type":"rabenbase_slide_item","colPos":0,"categories":"","appearance":{"layout":"default","frameClass":"","spaceBefore":"","spaceAfter":"","color":"","secondaryColor":"","backgroundColor":""},"content":{"header":"Tehnoloogiat\u00f6\u00f6stus","subheader":"","headerType":"0","subheaderType":"","textLocation":"bottom","media":[],"icon":[{"publicUrl":"https:\/\/ee-api.raben-group.com\/fileadmin\/ICONS_-_INDUSTRIES\/technology_icon.png","properties":{"title":"Tehnoloogiat\u00f6\u00f6stus","alternative":"Technology icon","description":"Tehnoloogiat\u00f6\u00f6stus","link":null,"linkData":null,"mimeType":"image\/png","type":"image","filename":"technology_icon.png","originalUrl":"\/fileadmin\/ICONS_-_INDUSTRIES\/technology_icon.png","uidLocal":1932,"fileReferenceUid":8774,"size":"42 KB","dimensions":{"width":1068,"height":1067},"cropDimensions":{"width":1068,"height":1067},"crop":"","autoplay":null,"extension":"png"}}],"link":{"href":"\/teenindatavad-sektorid\/tehnoloogiatoostus","target":null,"class":null,"title":null,"linkText":"Tehnoloogiat\u00f6\u00f6stus","additionalAttributes":[]},"description":"","actionColor":"red"}},{"id":872,"type":"rabenbase_slide_item","colPos":0,"categories":"","appearance":{"layout":"default","frameClass":"","spaceBefore":"","spaceAfter":"","color":"","secondaryColor":"","backgroundColor":""},"content":{"header":"E-kaubandus","subheader":"","headerType":"0","subheaderType":"","textLocation":"bottom","media":[],"icon":[{"publicUrl":"https:\/\/ee-api.raben-group.com\/fileadmin\/ICONS_-_INDUSTRIES\/e-commerce_icon.png","properties":{"title":"E-kaubandus","alternative":"E-commerce icon","description":"E-kaubandus","link":null,"linkData":null,"mimeType":"image\/png","type":"image","filename":"e-commerce_icon.png","originalUrl":"\/fileadmin\/ICONS_-_INDUSTRIES\/e-commerce_icon.png","uidLocal":1930,"fileReferenceUid":8775,"size":"28 KB","dimensions":{"width":1068,"height":1067},"cropDimensions":{"width":1068,"height":1067},"crop":"","autoplay":null,"extension":"png"}}],"link":{"href":"\/teenused\/lepinguline-logistika\/e-kaubandus","target":null,"class":null,"title":null,"linkText":"E-kaubandus","additionalAttributes":[]},"description":"","actionColor":"red"}}]}},{"id":6981,"type":"news_pi1","colPos":0,"categories":"","appearance":{"layout":"default","frameClass":"default","spaceBefore":"","spaceAfter":"","color":"","secondaryColor":"","backgroundColor":"white"},"content":{"header":"Uudised","subheader":"","headerLayout":0,"headerPosition":"","headerLink":"","headerType":"","subheaderType":"","data":{"pagination":{"numberOfPages":1,"current":1},"list":[{"uid":6071,"title":"Raben Group laieneb T\u00fcrki","teaser":"Alates 10. juunist 2025 on Raben Groupil hea meel teatada oma tegevuse ametlikust alustamisest T\u00fcrgis, mis on 17. riik tema laienevas Euroopa portfellis. Raben T\u00fcrkiye tugevdab kontserni p\u00fchendumust ehitada tugev ja s\u00f5ltumatu grupiv\u00f5rgustik kogu Euroopas, suurendades veelgi oma v\u00f5imet pakkuda sujuvaid ja t\u00f5husaid logistikalahendusi.","isTopNews":true,"crdate":"05.06.2025","tstamp":"14.07.2025","datetime":"10.06.2025","archive":null,"author":{"author":"","authorEmail":""},"media":{"imageFirst":[{"publicUrl":"https:\/\/ee-api.raben-group.com\/fileadmin\/_processed_\/6\/a\/csm_www_banner_Raben_Turkiye_3840x1279-min_fa2998c34f.jpg","properties":{"title":null,"alternative":null,"description":null,"link":null,"linkData":null,"mimeType":"image\/jpeg","type":"image","filename":"csm_www_banner_Raben_Turkiye_3840x1279-min_fa2998c34f.jpg","originalUrl":"\/fileadmin\/Country_Directories\/Lietuva\/PHOTOS\/www_banner_Raben_Turkiye_3840x1279-min.jpg","uidLocal":25028,"fileReferenceUid":53377,"size":"339 KB","dimensions":{"width":1700,"height":531},"cropDimensions":{"width":1700,"height":531},"crop":"{\"default\":{\"cropArea\":{\"x\":0.0006906906906906466,\"y\":0,\"width\":0.9986186186186187,\"height\":0.9369369369369369},\"selectedRatio\":\"16:5\",\"focusArea\":null}}","autoplay":null,"extension":null}}],"imageList":[{"publicUrl":"https:\/\/ee-api.raben-group.com\/fileadmin\/_processed_\/6\/a\/csm_www_banner_Raben_Turkiye_3840x1279-min_fa2998c34f.jpg","properties":{"title":null,"alternative":null,"description":null,"link":null,"linkData":null,"mimeType":"image\/jpeg","type":"image","filename":"csm_www_banner_Raben_Turkiye_3840x1279-min_fa2998c34f.jpg","originalUrl":"\/fileadmin\/Country_Directories\/Lietuva\/PHOTOS\/www_banner_Raben_Turkiye_3840x1279-min.jpg","uidLocal":25028,"fileReferenceUid":53377,"size":"339 KB","dimensions":{"width":1700,"height":531},"cropDimensions":{"width":1700,"height":531},"crop":"{\"default\":{\"cropArea\":{\"x\":0.0006906906906906466,\"y\":0,\"width\":0.9986186186186187,\"height\":0.9369369369369369},\"selectedRatio\":\"16:5\",\"focusArea\":null}}","autoplay":null,"extension":null}}]},"falRelatedFiles":[],"categories":[{"id":23,"pid":69,"title":"Home","slug":"home"},{"id":22,"pid":69,"title":"Press info","slug":"press-info"}],"tags":[],"metaData":{"keywords":"","description":"","alternativeTitle":""},"slug":"\/uudised\/uudised\/raben-group-laieneb-tuerkiasse","pathSegment":"raben-group-laieneb-tuerkiasse"},{"uid":5925,"title":"Raben Group v\u00f5tab \u00fcle DGO Expressi Hollandis","teaser":"Raben Group on \u00e4sja omandanud 100% Hollandi ettev\u00f5tte DGO Express aktsiatest, mis on osa Sent Waninge Groupist. Leping allkirjastati 6. veebruaril 2025. Selle tehingu raames v\u00f5tab Raben \u00fcle Drenthe provintsis Hoogeveenis asuva DGO Expressi asukoha koos 80 s\u00f5idukist koosneva autopargiga. Rabeni perega liitub ka 130 t\u00f6\u00f6tajat.","isTopNews":true,"crdate":"11.02.2025","tstamp":"11.02.2025","datetime":"11.02.2025","archive":null,"author":{"author":"","authorEmail":""},"media":{"imageFirst":[{"publicUrl":"https:\/\/ee-api.raben-group.com\/fileadmin\/_processed_\/d\/7\/csm_Raben_NL_1_daef0cf666.jpg","properties":{"title":null,"alternative":"Raben sunkve\u017eimis","description":null,"link":null,"linkData":null,"mimeType":"image\/jpeg","type":"image","filename":"csm_Raben_NL_1_daef0cf666.jpg","originalUrl":"\/fileadmin\/fileadmin\/fileadmin\/PHOTOS_NEWS\/Raben_NL_1.jpg","uidLocal":23644,"fileReferenceUid":50583,"size":"264 KB","dimensions":{"width":1558,"height":486},"cropDimensions":{"width":1558,"height":486},"crop":"{\"default\":{\"cropArea\":{\"x\":0.0008884187734953966,\"y\":0.29198966408268734,\"width\":0.9982231624530092,\"height\":0.40310077519379844},\"selectedRatio\":\"16:5\",\"focusArea\":null}}","autoplay":null,"extension":null}}],"imageList":[{"publicUrl":"https:\/\/ee-api.raben-group.com\/fileadmin\/_processed_\/d\/7\/csm_Raben_NL_1_daef0cf666.jpg","properties":{"title":null,"alternative":"Raben sunkve\u017eimis","description":null,"link":null,"linkData":null,"mimeType":"image\/jpeg","type":"image","filename":"csm_Raben_NL_1_daef0cf666.jpg","originalUrl":"\/fileadmin\/fileadmin\/fileadmin\/PHOTOS_NEWS\/Raben_NL_1.jpg","uidLocal":23644,"fileReferenceUid":50583,"size":"264 KB","dimensions":{"width":1558,"height":486},"cropDimensions":{"width":1558,"height":486},"crop":"{\"default\":{\"cropArea\":{\"x\":0.0008884187734953966,\"y\":0.29198966408268734,\"width\":0.9982231624530092,\"height\":0.40310077519379844},\"selectedRatio\":\"16:5\",\"focusArea\":null}}","autoplay":null,"extension":null}}]},"falRelatedFiles":[],"categories":[{"id":23,"pid":69,"title":"Home","slug":"home"},{"id":22,"pid":69,"title":"Press info","slug":"press-info"}],"tags":[],"metaData":{"keywords":"","description":"","alternativeTitle":""},"slug":"\/uudised\/uudised\/raben-group-votab-uele-dgo-expressi-hollandis","pathSegment":"raben-group-votab-uele-dgo-expressi-hollandis"},{"uid":5500,"title":"Raben ja Sieber \u00fchendavad \u0160veitsis j\u00f5ud","teaser":"Raben Grupp ja Sieber Transport AG on teavitanud koost\u00f6\u00f6leppe s\u00f5lmimisest ja \u00fchiselt asutatud ettev\u00f5tte Raben Sieber AG loomisest 1. m\u00e4rtsil 2025. aastal. Uus ettev\u00f5te hakkab pakkuma \u00fchtset grupitranspordi v\u00f5rgustikku \u0160veitsis ja Euroopas. Selle partnerlusega panevad kaks ettev\u00f5tet aluse strateegilisele koost\u00f6\u00f6le tugevdamaks kohalolekut turul ja loomaks innovaatilisi logistikalahendusi oma klientidele.  M\u00f5lemad ettev\u00f5tted hakkavad kaasomanikena aktiivselt kujundama uue ettev\u00f5tte strateegilisi suundi.","isTopNews":true,"crdate":"28.11.2024","tstamp":"28.11.2024","datetime":"28.11.2024","archive":null,"author":{"author":"","authorEmail":""},"media":{"imageFirst":[{"publicUrl":"https:\/\/ee-api.raben-group.com\/fileadmin\/_processed_\/6\/f\/csm_Switzerland_www_subpage_45cd5d3572.jpg","properties":{"title":null,"alternative":null,"description":null,"link":null,"linkData":null,"mimeType":"image\/jpeg","type":"image","filename":"csm_Switzerland_www_subpage_45cd5d3572.jpg","originalUrl":"\/fileadmin\/fileadmin\/fileadmin\/PHOTOS_NEWS\/Switzerland_www_subpage.jpg","uidLocal":23071,"fileReferenceUid":46940,"size":"386 KB","dimensions":{"width":1700,"height":531},"cropDimensions":{"width":1700,"height":531},"crop":"{\"default\":{\"cropArea\":{\"x\":0.1685,\"y\":0,\"width\":0.8,\"height\":1},\"selectedRatio\":\"16:5\",\"focusArea\":null}}","autoplay":null,"extension":null}}],"imageList":[{"publicUrl":"https:\/\/ee-api.raben-group.com\/fileadmin\/_processed_\/6\/f\/csm_Switzerland_www_subpage_45cd5d3572.jpg","properties":{"title":null,"alternative":null,"description":null,"link":null,"linkData":null,"mimeType":"image\/jpeg","type":"image","filename":"csm_Switzerland_www_subpage_45cd5d3572.jpg","originalUrl":"\/fileadmin\/fileadmin\/fileadmin\/PHOTOS_NEWS\/Switzerland_www_subpage.jpg","uidLocal":23071,"fileReferenceUid":46940,"size":"386 KB","dimensions":{"width":1700,"height":531},"cropDimensions":{"width":1700,"height":531},"crop":"{\"default\":{\"cropArea\":{\"x\":0.1685,\"y\":0,\"width\":0.8,\"height\":1},\"selectedRatio\":\"16:5\",\"focusArea\":null}}","autoplay":null,"extension":null}}]},"falRelatedFiles":[],"categories":[{"id":23,"pid":69,"title":"Home","slug":"home"},{"id":22,"pid":69,"title":"Press info","slug":"press-info"}],"tags":[],"metaData":{"keywords":"","description":"","alternativeTitle":""},"slug":"\/uudised\/uudised\/raben-ja-sieber-uehendavad-sveitsis-joud","pathSegment":"raben-ja-sieber-uehendavad-sveitsis-joud"},{"uid":6248,"title":"Raben Group v\u00f5tab 2025. aasta kokku \u2013 seitseteist riiki ja k\u00fcmned investeeringud","teaser":"Struktuuri laiendamine kuueteistk\u00fcmnendale ja seitsmeteistk\u00fcmnendale turule, sisenemine uuele mandrile ning investeeringud kaasaegsetesse rajatistesse ja autopargi arendusse. Vaatamata ebakindlale turukeskkonnale oli 2025. aasta Raben Groupi jaoks d\u00fcnaamilise kasvu periood \u2013 sealhulgas tegevuse k\u00e4ivitamine \u0160veitsis ja T\u00fcrgis, DGO Expressi omandamine Madalmaades koos sellele j\u00e4rgnenud Hollandi v\u00f5rgustiku restruktureerimisega, samuti arvukad investeeringud uutesse v\u00f5i laiendatud ladudesse Saksamaal, Austrias, Rumeenias, Poolas ja Slovakkias. Need projektid tugevdasid m\u00e4rkimisv\u00e4\u00e4rselt grupi tegevusmahtu ja loovad kindla vundamendi edasiseks kasvuks 2026. aastal.","isTopNews":false,"crdate":"27.03.2026","tstamp":"27.03.2026","datetime":"27.03.2026","archive":null,"author":{"author":"","authorEmail":""},"media":{"imageFirst":[{"publicUrl":"https:\/\/ee-api.raben-group.com\/fileadmin\/_processed_\/8\/9\/csm_Raben_Group_summary_of_2025_a11b74900d.jpg","properties":{"title":null,"alternative":null,"description":null,"link":null,"linkData":null,"mimeType":"image\/jpeg","type":"image","filename":"csm_Raben_Group_summary_of_2025_a11b74900d.jpg","originalUrl":"\/fileadmin\/PHOTOS_NEWS\/Raben_Group_summary_of_2025.jpg","uidLocal":93517,"fileReferenceUid":57158,"size":"138 KB","dimensions":{"width":1700,"height":531},"cropDimensions":{"width":1700,"height":531},"crop":"{\"default\":{\"cropArea\":{\"x\":0.12293886437092637,\"y\":0.2147147147147147,\"width\":0.7971222712581473,\"height\":0.37387387387387383},\"selectedRatio\":\"16:5\",\"focusArea\":null}}","autoplay":null,"extension":null}}],"imageList":[{"publicUrl":"https:\/\/ee-api.raben-group.com\/fileadmin\/_processed_\/8\/9\/csm_Raben_Group_summary_of_2025_a11b74900d.jpg","properties":{"title":null,"alternative":null,"description":null,"link":null,"linkData":null,"mimeType":"image\/jpeg","type":"image","filename":"csm_Raben_Group_summary_of_2025_a11b74900d.jpg","originalUrl":"\/fileadmin\/PHOTOS_NEWS\/Raben_Group_summary_of_2025.jpg","uidLocal":93517,"fileReferenceUid":57158,"size":"138 KB","dimensions":{"width":1700,"height":531},"cropDimensions":{"width":1700,"height":531},"crop":"{\"default\":{\"cropArea\":{\"x\":0.12293886437092637,\"y\":0.2147147147147147,\"width\":0.7971222712581473,\"height\":0.37387387387387383},\"selectedRatio\":\"16:5\",\"focusArea\":null}}","autoplay":null,"extension":null}}]},"falRelatedFiles":[],"categories":[{"id":23,"pid":69,"title":"Home","slug":"home"},{"id":22,"pid":69,"title":"Press info","slug":"press-info"}],"tags":[],"metaData":{"keywords":"","description":"","alternativeTitle":""},"slug":"\/uudised\/uudised\/raben-group-votab-2025-aasta-kokku-seitseteist-riiki-ja-kuemned-investeeringud","pathSegment":"raben-group-votab-2025-aasta-kokku-seitseteist-riiki-ja-kuemned-investeeringud"}],"settings":{"orderBy":"datetime","orderDirection":"desc","templateLayout":"tiles","extended":{"cta":{"text":"Rohkem","buttonLocation":"top","link":""}},"action":"list"}}}},{"id":37967,"type":"raben_accordion","colPos":0,"categories":"","appearance":{"layout":"default","frameClass":"default","spaceBefore":"medium","spaceAfter":"medium","color":"","secondaryColor":"","backgroundColor":""},"content":{"header":"Korduma kippuvad k\u00fcsimused (KKK)","headerLayout":0,"headerPosition":"","headerLink":"","headerType":"0","items":[{"id":2528,"type":"tx_rabenbase_accordion_item","colPos":0,"categories":"","appearance":{"layout":"default","frameClass":"","spaceBefore":"","spaceAfter":"","color":"","secondaryColor":"","backgroundColor":""},"content":{"header":"Millised on \u00fche aluse maksimaalsed m\u00f5\u00f5tmed ja kaal osakoormate (LTL) ning tavavedude puhul?","headerLayout":0,"headerPosition":"","headerLink":"","headerType":"0","text":"<p><span class=\"ce-text-moderate\">Raben Groupis on \u00fche osakoorma (ingl general cargo) kaubaaluse maksimaalsed lubatud m\u00f5\u00f5tmed ja kaal j\u00e4rgmised:<\/span><\/p>\r\n<ul class=\"bullet-list--double-check\"><li data-list-item-id=\"e954b07ee3333d07e83b3c4164a931659\"><span class=\"ce-text-moderate\">Maksimaalne pikkus: 2,2 m<\/span><\/li><li data-list-item-id=\"e94c28ccb55f64e13d968dbde2d414fa3\"><span class=\"ce-text-moderate\">Maksimaalne k\u00f5rgus: 2,2 m<\/span><\/li><li data-list-item-id=\"e9205245c3350ba16c3ca6d4aec1cff48\"><span class=\"ce-text-moderate\">\u00dche \u00fcksuse max kaal: 1200 kg<\/span><\/li><li data-list-item-id=\"e73501e609a3703f04e9eb16a4633c145\"><span class=\"ce-text-moderate\">\u00dche alustamata (pakk)\u00fcksuse max kaal: 30 kg<\/span><\/li><\/ul>\r\n<p><span class=\"ce-text-moderate\">Esitatud v\u00e4\u00e4rtused on brutokaalud ja -m\u00f5\u00f5tmed, mis sisaldavad ka pakendit ja kaubaalust ennast.<\/span><\/p>"}},{"id":2529,"type":"tx_rabenbase_accordion_item","colPos":0,"categories":"","appearance":{"layout":"default","frameClass":"","spaceBefore":"","spaceAfter":"","color":"","secondaryColor":"","backgroundColor":""},"content":{"header":"Kas te v\u00f5tate vastu erinevat t\u00fc\u00fcpi kaubaaluseid (EUR, t\u00f6\u00f6stuslikud, poolalused, mittestandardsed)?","headerLayout":0,"headerPosition":"","headerLink":"","headerType":"0","text":"<p><span class=\"ce-text-moderate\">Jah, Raben Group v\u00f5tab vastu erinevat t\u00fc\u00fcpi kaubaaluseid, sealhulgas standardseid ja erim\u00f5\u00f5tmelisi lahendusi, sest ka logistika firmad peavad pakkuma paindlikke v\u00f5imalusi erinevate saadetiste k\u00e4itlemiseks.<\/span><\/p>"}},{"id":2530,"type":"tx_rabenbase_accordion_item","colPos":0,"categories":"","appearance":{"layout":"default","frameClass":"","spaceBefore":"","spaceAfter":"","color":"","secondaryColor":"","backgroundColor":""},"content":{"header":"Kas kaup peab olema pakitud venivasse kiletusse (stretch-kile) v\u00f5i kinnitatud rihmadega?","headerLayout":0,"headerPosition":"","headerLink":"","headerType":"0","text":"<p><span class=\"ce-text-moderate\">Iga saadetis peab olenemata t\u00fc\u00fcbist olema pakendatud selliselt, et:<\/span><\/p>\r\n<ul class=\"bullet-list--double-check\"><li data-list-item-id=\"e9ae948e81fa0c8a333520d2c0a9f3bcd\"><span class=\"ce-text-moderate\">See v\u00e4listaks juurdep\u00e4\u00e4su saadetise sisule ilma pakendit purustamata v\u00f5i kahjustamata.<\/span><\/li><li data-list-item-id=\"ea6c905c3ff6c2a9bf20b615008573e79\"><span class=\"ce-text-moderate\">Oleks tagatud kauba stabiilsus ja tasakaal.<\/span><\/li><li data-list-item-id=\"ee065167007db6dab637beadaef1733c1\"><span class=\"ce-text-moderate\">Kaup oleks kaitstud v\u00e4liste m\u00f5jutegurite eest.<\/span><\/li><\/ul>\r\n<p><span class=\"ce-text-moderate\">Kaubaaluste puhul kehtivad j\u00e4rgmised n\u00f5uded:<\/span><\/p>\r\n<ul class=\"bullet-list--double-check\"><li data-list-item-id=\"e89f0e2baf9088e4092c534356e14d39c\"><span class=\"ce-text-moderate\">Kaup tuleb asetada alusele nii, et see ei ulatuks \u00fcle aluse \u00e4\u00e4rte.<\/span><\/li><li data-list-item-id=\"ed8f4e6e1b258d52c61abc485fcdf5067\"><span class=\"ce-text-moderate\">Kogu saadetis peab olema tihedalt m\u00e4hitud venivasse kilesse (stretch-film) ja t\u00e4iendavalt kinnitatud saatja ettev\u00f5tte teibiga.<\/span><\/li><li data-list-item-id=\"e65b2ded30458aa097d3d25b18a1ac749\"><span class=\"ce-text-moderate\">Vajadusel tuleb kasutada kinnitusrihmu, mis fikseerivad kauba kindlalt aluse k\u00fclge.<\/span><\/li><\/ul>\r\n<p><span class=\"ce-text-moderate\">Muude transpordi\u00fcksuste puhul (mis ei ole kaubaalused) peab kaup olema seestpoolt fikseeritud, et v\u00e4ltida liikumist transpordi ajal. Lisaks tuleb alusele lisada vastavad s\u00fcmbolid ja piktogrammid, mis juhendavad kauba \u00f5iget k\u00e4sitsemist \u00fcmberlaadimisel.<\/span><br \/>&nbsp;<\/p>"}},{"id":2531,"type":"tx_rabenbase_accordion_item","colPos":0,"categories":"","appearance":{"layout":"default","frameClass":"","spaceBefore":"","spaceAfter":"","color":"","secondaryColor":"","backgroundColor":""},"content":{"header":"Kas pakute ADR-kaupade, temperatuuritundlike kaupade v\u00f5i \u00f5rna veose alustransporti? Millised on tingimused?","headerLayout":0,"headerPosition":"","headerLink":"","headerType":"0","text":"<p><span class=\"ce-text-moderate\">Jah, t\u00e4psemad tingimused esitatakse klientidele individuaalselt vastavalt koostatud pakkumisele. ADR-veo ja temperatuurikontrolliga vedude \u00fcldtingimused on kirjeldatud meie transporditeenuste \u00fcldtingimustes.<\/span><\/p>"}},{"id":2532,"type":"tx_rabenbase_accordion_item","colPos":0,"categories":"","appearance":{"layout":"default","frameClass":"","spaceBefore":"","spaceAfter":"","color":"","secondaryColor":"","backgroundColor":""},"content":{"header":"Kuidas saan k\u00fcsida saadetisele hinnapakkumist?","headerLayout":0,"headerPosition":"","headerLink":"","headerType":"0","text":"<p>Saate transpordimaksumust mugavalt arvutada <a href=\"https:\/\/eesti.raben-group.com\/hinnapaering\">SIIN<\/a><br \/>&nbsp;<\/p>"}},{"id":2537,"type":"tx_rabenbase_accordion_item","colPos":0,"categories":"","appearance":{"layout":"default","frameClass":"","spaceBefore":"","spaceAfter":"","color":"","secondaryColor":"","backgroundColor":""},"content":{"header":"Kas saadetisel on olemas j\u00e4lgimisnumber v\u00f5i GPS-seire?","headerLayout":0,"headerPosition":"","headerLink":"","headerType":"0","text":"<p><span class=\"ce-text-moderate\">Jah, igale saadetisele luuakse unikaalne viitenumber, mille abil saab paki liikumist j\u00e4lgida veebilehel: www.myraben.com<\/span><br \/>&nbsp;<\/p>"}},{"id":2538,"type":"tx_rabenbase_accordion_item","colPos":0,"categories":"","appearance":{"layout":"default","frameClass":"","spaceBefore":"","spaceAfter":"","color":"","secondaryColor":"","backgroundColor":""},"content":{"header":"Kuidas saan kontrollida oma saadetise staatust?","headerLayout":0,"headerPosition":"","headerLink":"","headerType":"0","text":"<p><span class=\"ce-text-moderate\">Rabeni saadetise staatust saate kontrollida meie kodulehel: www.myraben.com<\/span><br \/>&nbsp;<\/p>"}},{"id":2539,"type":"tx_rabenbase_accordion_item","colPos":0,"categories":"","appearance":{"layout":"default","frameClass":"","spaceBefore":"","spaceAfter":"","color":"","secondaryColor":"","backgroundColor":""},"content":{"header":"Kust leian infot saadetise eeldatava tarneaja kohta?","headerLayout":0,"headerPosition":"","headerLink":"","headerType":"0","text":"<p><span class=\"ce-text-moderate\">T\u00e4ielik info saadetise kohta on saadaval p\u00e4rast saadetise numbri sisestamist aadressil www.myraben.com. Saadetise detailide alt leiate ka eeldatava tarneaja (ETA).<\/span><\/p>"}},{"id":2540,"type":"tx_rabenbase_accordion_item","colPos":0,"categories":"","appearance":{"layout":"default","frameClass":"","spaceBefore":"","spaceAfter":"","color":"","secondaryColor":"","backgroundColor":""},"content":{"header":"Milline on \u00fche (v\u00f5i mitme) kaubaaluse transpordi hind?","headerLayout":0,"headerPosition":"","headerLink":"","headerType":"0","text":"<p><span class=\"ce-text-moderate\">Alustranspordi hind s\u00f5ltub mitmetest teguritest, sealhulgas kaalust, vahemaast ja veetava kauba t\u00fc\u00fcbist. Personaalse pakkumise saamiseks v\u00f5tke palun \u00fchendust meie m\u00fc\u00fcgiosakonnaga v\u00f5i k\u00fcsige pakkumist veebilehel: K\u00fcsi pakkumist oma saadetisele.<\/span><\/p>"}},{"id":2541,"type":"tx_rabenbase_accordion_item","colPos":0,"categories":"","appearance":{"layout":"default","frameClass":"","spaceBefore":"","spaceAfter":"","color":"","secondaryColor":"","backgroundColor":""},"content":{"header":"Kas teenus sisaldab tollivormistust, kui saadetis liigub v\u00e4ljapoole Euroopa Liitu?","headerLayout":0,"headerPosition":"","headerLink":"","headerType":"0","text":"<p><span class=\"ce-text-moderate\">Jah, kui saadetis n\u00f5uab tolliprotseduure, pakub logistika firma Raben oma klientidele teenuseid meie enda tolliagentuuride kaudu.<\/span><\/p>"}},{"id":2542,"type":"tx_rabenbase_accordion_item","colPos":0,"categories":"","appearance":{"layout":"default","frameClass":"","spaceBefore":"","spaceAfter":"","color":"","secondaryColor":"","backgroundColor":""},"content":{"header":"Kas mulle m\u00e4\u00e4ratakse isiklik kliendihaldur v\u00f5i klienditeeninduse kontaktisik?","headerLayout":0,"headerPosition":"","headerLink":"","headerType":"0","text":"<p><span class=\"ce-text-moderate\">Raben Groupis on igal kliendil klienditeenindusosakonnas oma kindel kliendihaldur.<\/span><\/p>"}},{"id":2543,"type":"tx_rabenbase_accordion_item","colPos":0,"categories":"","appearance":{"layout":"default","frameClass":"","spaceBefore":"","spaceAfter":"","color":"","secondaryColor":"","backgroundColor":""},"content":{"header":"Millised on teie lahtiolekuajad ja p\u00e4ringutele vastamise kiirus?","headerLayout":0,"headerPosition":"","headerLink":"","headerType":"0","text":"<p><span class=\"ce-text-moderate\">Klienditeeninduse osakond on avatud esmasp\u00e4evast reedeni kell 8.00\u201317.00. Vastame teie p\u00e4ringutele esimesel v\u00f5imalusel.<\/span><\/p>\r\n<p><span class=\"ce-text-moderate\">Kui teil on k\u00fcsimusi saadetise kohta, v\u00f5tke palun \u00fchendust oma Raben Eesti kliendihalduri v\u00f5i isikuga, kes edastas teile saadetise numbri.<\/span><br \/>&nbsp;<\/p>"}},{"id":2544,"type":"tx_rabenbase_accordion_item","colPos":0,"categories":"","appearance":{"layout":"default","frameClass":"","spaceBefore":"","spaceAfter":"","color":"","secondaryColor":"","backgroundColor":""},"content":{"header":"Kui palju kaalub t\u00fchi euroalus?","headerLayout":0,"headerPosition":"","headerLink":"","headerType":"0","text":"<p><span class=\"ce-text-moderate\">Standardne t\u00fchi euroalus (EUR-alus) m\u00f5\u00f5tmetega 120\u00d780 cm kaalub tavaliselt umbes 25 kg.<\/span><\/p>"}}]}}]},"i18n":[{"languageId":0,"locale":"et_EE.UTF-8","title":"Eesti","navigationTitle":"Eesti","twoLetterIsoCode":"et","hreflang":"et-EE","direction":"ltr","flag":"flags-ee","link":"\/","active":1,"current":0,"available":1}],"title":"Raben Estonia","subtitle":"","titleType":"h1","subtitleType":"h2","titleLayout":"hidden","extended":{"banner":[],"bannerMobile":[],"bannerImageFocus":"center","bannerPrimaryColor":"red","menuImage":[],"showBadge":"1","badgeType":"your-partner-in-logistics"}}